{"id":116,"date":"2023-04-19T15:16:12","date_gmt":"2023-04-19T13:16:12","guid":{"rendered":"https:\/\/www.ahrenergie.it\/home\/"},"modified":"2023-07-10T14:29:47","modified_gmt":"2023-07-10T12:29:47","slug":"home","status":"publish","type":"page","link":"https:\/\/www.ahrenergie.it\/it\/","title":{"rendered":"Home"},"content":{"rendered":"\t\t<div data-elementor-type=\"wp-page\" data-elementor-id=\"116\" class=\"elementor elementor-116 elementor-2\">\n\t\t\t\t\t\t<section class=\"elementor-section elementor-top-section elementor-element elementor-element-25938134 elementor-section-full_width elementor-section-height-min-height elementor-section-height-default elementor-section-items-middle\" data-id=\"25938134\" data-element_type=\"section\" data-settings=\"{&quot;background_background&quot;:&quot;classic&quot;}\">\n\t\t\t\t\t\t<div class=\"elementor-container elementor-column-gap-no\">\n\t\t\t\t\t<div class=\"elementor-column elementor-col-100 elementor-top-column elementor-element elementor-element-52a19191\" data-id=\"52a19191\" data-element_type=\"column\">\n\t\t\t<div class=\"elementor-widget-wrap\">\n\t\t\t\t\t\t\t<\/div>\n\t\t<\/div>\n\t\t\t\t\t<\/div>\n\t\t<\/section>\n\t\t\t\t<section class=\"elementor-section elementor-top-section elementor-element elementor-element-530f268e elementor-section-boxed elementor-section-height-default elementor-section-height-default\" data-id=\"530f268e\" data-element_type=\"section\" data-settings=\"{&quot;background_background&quot;:&quot;classic&quot;}\">\n\t\t\t\t\t\t<div class=\"elementor-container elementor-column-gap-no\">\n\t\t\t\t\t<div class=\"elementor-column elementor-col-100 elementor-top-column elementor-element elementor-element-58f59e50\" data-id=\"58f59e50\" data-element_type=\"column\" data-settings=\"{&quot;background_background&quot;:&quot;classic&quot;}\">\n\t\t\t<div class=\"elementor-widget-wrap elementor-element-populated\">\n\t\t\t\t\t\t<div class=\"elementor-element elementor-element-49d37109 elementor-align-center elementor-widget elementor-widget-raven-heading\" data-id=\"49d37109\" data-element_type=\"widget\" data-widget_type=\"raven-heading.default\">\n\t\t\t\t<div class=\"elementor-widget-container\">\n\t\t\t\t\t\t\t<div class=\"raven-widget-wrapper\"><h1 class=\"raven-heading raven-heading-h1\"><span class=\"raven-heading-title \">AURINO ENERGIA<\/span><\/h1><\/div>\r\n\t\t\t\t\t\t<\/div>\n\t\t\t\t<\/div>\n\t\t\t\t<div class=\"elementor-element elementor-element-66baaedd elementor-widget elementor-widget-text-editor\" data-id=\"66baaedd\" data-element_type=\"widget\" data-widget_type=\"text-editor.default\">\n\t\t\t\t<div class=\"elementor-widget-container\">\n\t\t\t\t\t\t\t\t\t<p><strong>Produciamo energia rinnovabile al 100% nel comune di Valle Aurina.<\/strong><\/p>\t\t\t\t\t\t\t\t<\/div>\n\t\t\t\t<\/div>\n\t\t\t\t\t<\/div>\n\t\t<\/div>\n\t\t\t\t\t<\/div>\n\t\t<\/section>\n\t\t\t\t<section class=\"elementor-section elementor-top-section elementor-element elementor-element-705df6b9 elementor-section-height-min-height elementor-section-boxed elementor-section-height-default elementor-section-items-middle\" data-id=\"705df6b9\" data-element_type=\"section\" id=\"info\" data-settings=\"{&quot;background_background&quot;:&quot;classic&quot;}\">\n\t\t\t\t\t\t<div class=\"elementor-container elementor-column-gap-no\">\n\t\t\t\t\t<div class=\"elementor-column elementor-col-100 elementor-top-column elementor-element elementor-element-76daa7d4\" data-id=\"76daa7d4\" data-element_type=\"column\" data-settings=\"{&quot;background_background&quot;:&quot;classic&quot;}\">\n\t\t\t<div class=\"elementor-widget-wrap elementor-element-populated\">\n\t\t\t\t\t\t<div class=\"elementor-element elementor-element-5e326c7 elementor-align-center elementor-widget elementor-widget-raven-heading\" data-id=\"5e326c7\" data-element_type=\"widget\" data-widget_type=\"raven-heading.default\">\n\t\t\t\t<div class=\"elementor-widget-container\">\n\t\t\t\t\t\t\t<div class=\"raven-widget-wrapper\"><h3 class=\"raven-heading raven-heading-h3\"><span class=\"raven-heading-title \">Info Clienti <\/span><\/h3><\/div>\r\n\t\t\t\t\t\t<\/div>\n\t\t\t\t<\/div>\n\t\t\t\t<div class=\"elementor-element elementor-element-71b28a8c elementor-widget elementor-widget-toggle\" data-id=\"71b28a8c\" data-element_type=\"widget\" data-widget_type=\"toggle.default\">\n\t\t\t\t<div class=\"elementor-widget-container\">\n\t\t\t\t\t\t\t<div class=\"elementor-toggle\">\n\t\t\t\t\t\t\t<div class=\"elementor-toggle-item\">\n\t\t\t\t\t<div id=\"elementor-tab-title-1901\" class=\"elementor-tab-title\" data-tab=\"1\" role=\"button\" aria-controls=\"elementor-tab-content-1901\" aria-expanded=\"false\">\n\t\t\t\t\t\t\t\t\t\t\t\t<span class=\"elementor-toggle-icon elementor-toggle-icon-left\" aria-hidden=\"true\">\n\t\t\t\t\t\t\t\t\t\t\t\t\t\t\t<span class=\"elementor-toggle-icon-closed\"><i class=\"fas fa-plus\"><\/i><\/span>\n\t\t\t\t\t\t\t\t<span class=\"elementor-toggle-icon-opened\"><i class=\"elementor-toggle-icon-opened fas fa-minus\"><\/i><\/span>\n\t\t\t\t\t\t\t\t\t\t\t\t\t<\/span>\n\t\t\t\t\t\t\t\t\t\t\t\t<a class=\"elementor-toggle-title\" tabindex=\"0\">Fuel Mix Disclosure<\/a>\n\t\t\t\t\t<\/div>\n\n\t\t\t\t\t<div id=\"elementor-tab-content-1901\" class=\"elementor-tab-content elementor-clearfix\" data-tab=\"1\" role=\"region\" aria-labelledby=\"elementor-tab-title-1901\"><p>Ai sensi di quanto disposto dal decreto del Ministro dello sviluppo economico del 31 luglio 2009 recante \u201cCriteri e modalit\u00e0 per la fornitura ai clienti finali delle informazioni sulla composizione del mix energetico utilizzato per la produzione dell\u2019energia elettrica fornita, nonch\u00e9 sull\u2019impatto ambientale della produzione\u201d, l\u2019Acquirente Unico ha determinato, per gli anni 2020 e 2021, la composizione del mix di fonti primarie relativa al proprio approvvigionamento di energia elettrica come di seguito riportato:<\/p>\n<p><strong>Composizione del mix energetico relativo all\u2019approvvigionamento del mercato di Maggior Tutela<\/strong><\/p>\n<table width=\"100%\">\n<tbody>\n<tr>\n<td style=\"text-align: left;\"><strong>Fonti primarie utilizzate<\/strong><\/td>\n<td style=\"text-align: left;\"><strong>Anno 2020*<\/strong><\/td>\n<td style=\"text-align: left;\"><strong>Anno 2021**<\/strong><\/td>\n<\/tr>\n<tr>\n<td style=\"text-align: left;\">Fonti rinnovabili<\/td>\n<td style=\"text-align: left;\">8,49%<\/td>\n<td style=\"text-align: left;\">8,36%<\/td>\n<\/tr>\n<tr>\n<td style=\"text-align: left;\">Carbone<\/td>\n<td style=\"text-align: left;\">11,70%<\/td>\n<td style=\"text-align: left;\">13,06%<\/td>\n<\/tr>\n<tr>\n<td style=\"text-align: left;\">Gas Naturale<\/td>\n<td style=\"text-align: left;\">62,61%<\/td>\n<td style=\"text-align: left;\">64,93%<\/td>\n<\/tr>\n<tr>\n<td style=\"text-align: left;\">Prodotti petroliferi<\/td>\n<td style=\"text-align: left;\">0,97%<\/td>\n<td style=\"text-align: left;\">1,39%<\/td>\n<\/tr>\n<tr>\n<td style=\"text-align: left;\">Nucleare<\/td>\n<td style=\"text-align: left;\">9,57%<\/td>\n<td style=\"text-align: left;\">7,05%<\/td>\n<\/tr>\n<tr>\n<td style=\"text-align: left;\">Altri fonti<\/td>\n<td style=\"text-align: left;\">6,66%<\/td>\n<td style=\"text-align: left;\">5,21%<\/td>\n<\/tr>\n<\/tbody>\n<\/table>\n<p>* dato consuntivo<br>\n** dato pre-consuntivo<br>\nFonte: Acquirente Unico SpA<\/p>\n<p><strong>Composizione del mix iniziale nazionale utilizzato per la produzione dell\u2019energia elettrica immessa nel sistema elettrico italiano<\/strong><\/p>\n<table width=\"100%\">\n<tbody>\n<tr>\n<td style=\"text-align: left;\"><strong>Fonti primarie utilizzate<\/strong><\/td>\n<td style=\"text-align: left;\"><strong>Anno 2020*<\/strong><\/td>\n<td style=\"text-align: left;\"><strong>Anno 2021**<\/strong><\/td>\n<\/tr>\n<tr>\n<td style=\"text-align: left;\">Fonti rinnovabili<\/td>\n<td style=\"text-align: left;\">44,31%<\/td>\n<td style=\"text-align: left;\">42,32%<\/td>\n<\/tr>\n<tr>\n<td style=\"text-align: left;\">Carbone<\/td>\n<td style=\"text-align: left;\">4,75%<\/td>\n<td style=\"text-align: left;\">5,07%<\/td>\n<\/tr>\n<tr>\n<td style=\"text-align: left;\">Gas Naturale<\/td>\n<td style=\"text-align: left;\">45,88%<\/td>\n<td style=\"text-align: left;\">48,13%<\/td>\n<\/tr>\n<tr>\n<td style=\"text-align: left;\">Prodotti petroliferi<\/td>\n<td style=\"text-align: left;\">0,57%<\/td>\n<td style=\"text-align: left;\">0,88%<\/td>\n<\/tr>\n<tr>\n<td style=\"text-align: left;\">Nucleare<\/td>\n<td style=\"text-align: left;\">0,00%<\/td>\n<td style=\"text-align: left;\">0,00%<\/td>\n<\/tr>\n<tr>\n<td style=\"text-align: left;\">Altri fonti<\/td>\n<td style=\"text-align: left;\">4,49%<\/td>\n<td style=\"text-align: left;\">3,60%<\/td>\n<\/tr>\n<\/tbody>\n<\/table>\n<p>* dato consuntivo<br>\n** dato pre-consuntivo<br>\nFonte: GSE SpA<\/p><\/div>\n\t\t\t\t<\/div>\n\t\t\t\t\t\t\t<div class=\"elementor-toggle-item\">\n\t\t\t\t\t<div id=\"elementor-tab-title-1902\" class=\"elementor-tab-title\" data-tab=\"2\" role=\"button\" aria-controls=\"elementor-tab-content-1902\" aria-expanded=\"false\">\n\t\t\t\t\t\t\t\t\t\t\t\t<span class=\"elementor-toggle-icon elementor-toggle-icon-left\" aria-hidden=\"true\">\n\t\t\t\t\t\t\t\t\t\t\t\t\t\t\t<span class=\"elementor-toggle-icon-closed\"><i class=\"fas fa-plus\"><\/i><\/span>\n\t\t\t\t\t\t\t\t<span class=\"elementor-toggle-icon-opened\"><i class=\"elementor-toggle-icon-opened fas fa-minus\"><\/i><\/span>\n\t\t\t\t\t\t\t\t\t\t\t\t\t<\/span>\n\t\t\t\t\t\t\t\t\t\t\t\t<a class=\"elementor-toggle-title\" tabindex=\"0\">Piano di Emergenza per la Sicurezza del Sistema Elettrico (PESSE)<\/a>\n\t\t\t\t\t<\/div>\n\n\t\t\t\t\t<div id=\"elementor-tab-content-1902\" class=\"elementor-tab-content elementor-clearfix\" data-tab=\"2\" role=\"region\" aria-labelledby=\"elementor-tab-title-1902\"><p>PESSE (Piano di Emergenza per la Sicurezza del Sistema Elettrico) \u00e8 il&nbsp;piano di emergenza&nbsp;impartito da Terna, in caso di&nbsp;guasti rilevanti o deficit di produzione, allo scopo di evitare l\u2019insorgere di vaste disalimentazioni incontrollate con conseguenti disagi generalizzati e prolungati per tutta l\u2019utenza.<\/p>\n<p>Il piano prevede il distacco di gruppi di utenza selezionati in base a uno di 5 livelli di severit\u00e0. Ogni livello di severit\u00e0 indica un gruppo di utenze da distaccare in una data fascia oraria. I livelli di severit\u00e0 successivi al primo includono i precedenti, cosi che, a seconda della situazione, si potr\u00e0 disalimentare fino a 5 gruppi di utenza contemporaneamente.<\/p>\n<p>Il&nbsp;Piano di Rotazione&nbsp;prevede che la disalimentazione per ogni utenza non sia superiore a 90 minuti. Al termine di ciascun periodo \u00e8 previsto il cambio del gruppo di utenze disalimentato.<\/p>\n<p>L\u2019applicazione del piano PESSE viene impartita da Terna e confermato o revocato dalla stessa in base all\u2019 evolversi della situazione della rete. Ai fini della sicurezza, tutte le linee e gli impianti devono in ogni modo essere considerati in tensione. Il servizio potr\u00e0 essere ripristinato anche senza preavviso prima degli orari indicati.<\/p>\n<p>Segnaliamo che la continuit\u00e0 di alimentazione non pu\u00f2 essere garantita in assoluto, per nessuna categoria di Utenza. Pertanto, tutte le Utenze, incluse quelle con apparato di cura, ove risulti oltremodo dannosa l\u2019assenza di fornitura di energia elettrica, devono equipaggiarsi, a loro cura, con gruppi di continuit\u00e0 in grado di alimentare i propri carichi per alcune ore o, in ogni caso, per il tempo a loro necessario.<\/p>\n<p><strong>PIANO DI ROTAZIONE<\/strong><br><a href=\"https:\/\/www.edyna.net\/clienti\/segnalazioni\/piano-pesse.html?tx_rolinterruptionviewer_pi3%5Baction%5D=search&amp;tx_rolinterruptionviewer_pi3%5Bcontroller%5D=Rotationplan&amp;cHash=4c46ec37594293d8c9690be4af44b7a4\" target=\"_blank\" rel=\"noopener\">Tabella con il Piano di Rotazione delle sospensioni temporanee dei gruppi di utenza<\/a><\/p>\n<p><strong>Gruppo di appartenenza della fornitura: 16<\/strong><br>Ci\u00f2 significa che i clienti allacciati alla rete della Ahr Energie GmbH non sono interessati dall\u2019applicazione del piano di distacco programmato PESSE, tuttavia, la continuit\u00e0 di alimentazione non pu\u00f2 essere garantita, in assoluto, per nessuna categoria di Utenza.<\/p><\/div>\n\t\t\t\t<\/div>\n\t\t\t\t\t\t\t\t<\/div>\n\t\t\t\t\t\t<\/div>\n\t\t\t\t<\/div>\n\t\t\t\t\t<\/div>\n\t\t<\/div>\n\t\t\t\t\t<\/div>\n\t\t<\/section>\n\t\t\t\t<section class=\"elementor-section elementor-top-section elementor-element elementor-element-490b4aeb elementor-section-full_width elementor-section-height-default elementor-section-height-default\" data-id=\"490b4aeb\" data-element_type=\"section\" id=\"kontakt\" data-settings=\"{&quot;background_background&quot;:&quot;classic&quot;}\">\n\t\t\t\t\t\t<div class=\"elementor-container elementor-column-gap-default\">\n\t\t\t\t\t<div class=\"elementor-column elementor-col-100 elementor-top-column elementor-element elementor-element-5ab7e646\" data-id=\"5ab7e646\" data-element_type=\"column\">\n\t\t\t<div class=\"elementor-widget-wrap elementor-element-populated\">\n\t\t\t\t\t\t<div class=\"elementor-element elementor-element-7b81af4d gallery-spacing-custom elementor-widget elementor-widget-image-gallery\" data-id=\"7b81af4d\" data-element_type=\"widget\" data-widget_type=\"image-gallery.default\">\n\t\t\t\t<div class=\"elementor-widget-container\">\n\t\t\t\t\t\t\t<div class=\"elementor-image-gallery\">\n\t\t\t\t\t<\/div>\n\t\t\t\t\t\t<\/div>\n\t\t\t\t<\/div>\n\t\t\t\t\t<\/div>\n\t\t<\/div>\n\t\t\t\t\t<\/div>\n\t\t<\/section>\n\t\t\t\t<section class=\"elementor-section elementor-top-section elementor-element elementor-element-13d68d7d elementor-section-full_width elementor-section-height-default elementor-section-height-default\" data-id=\"13d68d7d\" data-element_type=\"section\" data-settings=\"{&quot;background_background&quot;:&quot;classic&quot;}\">\n\t\t\t\t\t\t<div class=\"elementor-container elementor-column-gap-default\">\n\t\t\t\t\t<div class=\"elementor-column elementor-col-100 elementor-top-column elementor-element elementor-element-6836cb51\" data-id=\"6836cb51\" data-element_type=\"column\">\n\t\t\t<div class=\"elementor-widget-wrap elementor-element-populated\">\n\t\t\t\t\t\t<div class=\"elementor-element elementor-element-1ad6d8bd elementor-widget elementor-widget-image-gallery\" data-id=\"1ad6d8bd\" data-element_type=\"widget\" data-widget_type=\"image-gallery.default\">\n\t\t\t\t<div class=\"elementor-widget-container\">\n\t\t\t\t\t\t\t<div class=\"elementor-image-gallery\">\n\t\t\t<div id='gallery-2' class='gallery galleryid-116 gallery-columns-3 gallery-size-full'><figure class='gallery-item'>\n\t\t\t<div class='gallery-icon landscape'>\n\t\t\t\t<a data-elementor-open-lightbox=\"yes\" data-elementor-lightbox-slideshow=\"1ad6d8bd\" data-elementor-lightbox-title=\"kraftwerk2\" data-e-action-hash=\"#elementor-action%3Aaction%3Dlightbox%26settings%3DeyJpZCI6ODEsInVybCI6Imh0dHBzOlwvXC93d3cuYWhyZW5lcmdpZS5pdFwvd3AtY29udGVudFwvdXBsb2Fkc1wva3JhZnR3ZXJrMi5qcGciLCJzbGlkZXNob3ciOiIxYWQ2ZDhiZCJ9\" href='https:\/\/www.ahrenergie.it\/wp-content\/uploads\/kraftwerk2.jpg'><img fetchpriority=\"high\" decoding=\"async\" width=\"750\" height=\"750\" src=\"https:\/\/www.ahrenergie.it\/wp-content\/uploads\/kraftwerk2.jpg\" class=\"attachment-full size-full\" alt=\"\" srcset=\"https:\/\/www.ahrenergie.it\/wp-content\/uploads\/kraftwerk2.jpg 750w, https:\/\/www.ahrenergie.it\/wp-content\/uploads\/kraftwerk2-150x150.jpg 150w, https:\/\/www.ahrenergie.it\/wp-content\/uploads\/kraftwerk2-500x500.jpg 500w\" sizes=\"(max-width: 750px) 100vw, 750px\" \/><\/a>\n\t\t\t<\/div><\/figure><figure class='gallery-item'>\n\t\t\t<div class='gallery-icon landscape'>\n\t\t\t\t<a data-elementor-open-lightbox=\"yes\" data-elementor-lightbox-slideshow=\"1ad6d8bd\" data-elementor-lightbox-title=\"kraftwerk3\" data-e-action-hash=\"#elementor-action%3Aaction%3Dlightbox%26settings%3DeyJpZCI6NzksInVybCI6Imh0dHBzOlwvXC93d3cuYWhyZW5lcmdpZS5pdFwvd3AtY29udGVudFwvdXBsb2Fkc1wva3JhZnR3ZXJrMy5qcGciLCJzbGlkZXNob3ciOiIxYWQ2ZDhiZCJ9\" href='https:\/\/www.ahrenergie.it\/wp-content\/uploads\/kraftwerk3.jpg'><img decoding=\"async\" width=\"750\" height=\"750\" src=\"https:\/\/www.ahrenergie.it\/wp-content\/uploads\/kraftwerk3.jpg\" class=\"attachment-full size-full\" alt=\"\" srcset=\"https:\/\/www.ahrenergie.it\/wp-content\/uploads\/kraftwerk3.jpg 750w, https:\/\/www.ahrenergie.it\/wp-content\/uploads\/kraftwerk3-150x150.jpg 150w, https:\/\/www.ahrenergie.it\/wp-content\/uploads\/kraftwerk3-500x500.jpg 500w\" sizes=\"(max-width: 750px) 100vw, 750px\" \/><\/a>\n\t\t\t<\/div><\/figure><figure class='gallery-item'>\n\t\t\t<div class='gallery-icon landscape'>\n\t\t\t\t<a data-elementor-open-lightbox=\"yes\" data-elementor-lightbox-slideshow=\"1ad6d8bd\" data-elementor-lightbox-title=\"kraftwerk1\" data-e-action-hash=\"#elementor-action%3Aaction%3Dlightbox%26settings%3DeyJpZCI6NzcsInVybCI6Imh0dHBzOlwvXC93d3cuYWhyZW5lcmdpZS5pdFwvd3AtY29udGVudFwvdXBsb2Fkc1wva3JhZnR3ZXJrMS5qcGciLCJzbGlkZXNob3ciOiIxYWQ2ZDhiZCJ9\" href='https:\/\/www.ahrenergie.it\/wp-content\/uploads\/kraftwerk1.jpg'><img decoding=\"async\" width=\"750\" height=\"750\" src=\"https:\/\/www.ahrenergie.it\/wp-content\/uploads\/kraftwerk1.jpg\" class=\"attachment-full size-full\" alt=\"\" srcset=\"https:\/\/www.ahrenergie.it\/wp-content\/uploads\/kraftwerk1.jpg 750w, https:\/\/www.ahrenergie.it\/wp-content\/uploads\/kraftwerk1-150x150.jpg 150w, https:\/\/www.ahrenergie.it\/wp-content\/uploads\/kraftwerk1-500x500.jpg 500w\" sizes=\"(max-width: 750px) 100vw, 750px\" \/><\/a>\n\t\t\t<\/div><\/figure>\n\t\t<\/div>\n\t\t<\/div>\n\t\t\t\t\t\t<\/div>\n\t\t\t\t<\/div>\n\t\t\t\t\t<\/div>\n\t\t<\/div>\n\t\t\t\t\t<\/div>\n\t\t<\/section>\n\t\t\t\t<section class=\"elementor-section elementor-top-section elementor-element elementor-element-44945ae4 elementor-section-boxed elementor-section-height-default elementor-section-height-default\" data-id=\"44945ae4\" data-element_type=\"section\" id=\"kontakt\" data-settings=\"{&quot;background_background&quot;:&quot;classic&quot;}\">\n\t\t\t\t\t\t<div class=\"elementor-container elementor-column-gap-default\">\n\t\t\t\t\t<div class=\"elementor-column elementor-col-100 elementor-top-column elementor-element elementor-element-f8f445c\" data-id=\"f8f445c\" data-element_type=\"column\">\n\t\t\t<div class=\"elementor-widget-wrap elementor-element-populated\">\n\t\t\t\t\t\t<div class=\"elementor-element elementor-element-7f8ac512 elementor-align-center elementor-widget elementor-widget-raven-heading\" data-id=\"7f8ac512\" data-element_type=\"widget\" data-widget_type=\"raven-heading.default\">\n\t\t\t\t<div class=\"elementor-widget-container\">\n\t\t\t\t\t\t\t<div class=\"raven-widget-wrapper\"><h3 class=\"raven-heading raven-heading-h3\"><span class=\"raven-heading-title \">Contatto:<\/span><\/h3><\/div>\r\n\t\t\t\t\t\t<\/div>\n\t\t\t\t<\/div>\n\t\t\t\t<section class=\"elementor-section elementor-inner-section elementor-element elementor-element-b41abc1 elementor-section-boxed elementor-section-height-default elementor-section-height-default\" data-id=\"b41abc1\" data-element_type=\"section\">\n\t\t\t\t\t\t<div class=\"elementor-container elementor-column-gap-default\">\n\t\t\t\t\t<div class=\"elementor-column elementor-col-50 elementor-inner-column elementor-element elementor-element-2ccf56ff\" data-id=\"2ccf56ff\" data-element_type=\"column\">\n\t\t\t<div class=\"elementor-widget-wrap elementor-element-populated\">\n\t\t\t\t\t\t<div class=\"elementor-element elementor-element-5fbadd04 elementor-widget elementor-widget-heading\" data-id=\"5fbadd04\" data-element_type=\"widget\" data-widget_type=\"heading.default\">\n\t\t\t\t<div class=\"elementor-widget-container\">\n\t\t\t\t\t<h4 class=\"elementor-heading-title elementor-size-default\">Contatti:<\/h4>\t\t\t\t<\/div>\n\t\t\t\t<\/div>\n\t\t\t\t<div class=\"elementor-element elementor-element-750508c0 elementor-widget elementor-widget-text-editor\" data-id=\"750508c0\" data-element_type=\"widget\" data-widget_type=\"text-editor.default\">\n\t\t\t\t<div class=\"elementor-widget-container\">\n\t\t\t\t\t\t\t\t\t<p><strong>SEDE LEGALE<br><\/strong>Steinhaus, Enz Schachen 11<br>39030 Valle Aurina (BZ)<\/p>\n<p><strong>SERVIZIO TECNICO &amp; SERVIZIO DI REPERIBILIT\u00c0<\/strong><br>+39 0474 652197<br><a href=\"mailto:info@elektrorbi.com\" target=\"_blank\" rel=\"noopener\">info@elektrorbi.com<\/a><\/p>\n<p><strong>AMMINISTRAZIONE<\/strong><br>+39 0474 556700<br><a href=\"mailto:karl.hellweger@buchdata.it\" target=\"_blank\" rel=\"noopener\">karl.hellweger@buchdata.it<\/a><\/p>\n<p><strong>Part.IVA: <\/strong>00742610215<\/p>\n<p><strong>PEC: <\/strong><a href=\"mailto:aurinoenergia@pec.it\">aurinoenergia@pec.it<\/a><\/p>\n<p><strong>CODICE DESTINARIO: <\/strong>SUBM70N<\/p>\t\t\t\t\t\t\t\t<\/div>\n\t\t\t\t<\/div>\n\t\t\t\t\t<\/div>\n\t\t<\/div>\n\t\t\t\t<div class=\"elementor-column elementor-col-50 elementor-inner-column elementor-element elementor-element-4844bee6 linko\" data-id=\"4844bee6\" data-element_type=\"column\">\n\t\t\t<div class=\"elementor-widget-wrap elementor-element-populated\">\n\t\t\t\t\t\t<div class=\"elementor-element elementor-element-61104033 elementor-widget elementor-widget-image\" data-id=\"61104033\" data-element_type=\"widget\" data-widget_type=\"image.default\">\n\t\t\t\t<div class=\"elementor-widget-container\">\n\t\t\t\t\t\t\t\t\t\t\t\t\t\t\t<img loading=\"lazy\" decoding=\"async\" width=\"700\" height=\"585\" src=\"https:\/\/www.ahrenergie.it\/wp-content\/uploads\/mappe-kraftwerke.jpg\" class=\"attachment-large size-large wp-image-48\" alt=\"\" srcset=\"https:\/\/www.ahrenergie.it\/wp-content\/uploads\/mappe-kraftwerke.jpg 700w, https:\/\/www.ahrenergie.it\/wp-content\/uploads\/mappe-kraftwerke-150x125.jpg 150w\" sizes=\"(max-width: 700px) 100vw, 700px\" \/>\t\t\t\t\t\t\t\t\t\t\t\t\t\t\t<\/div>\n\t\t\t\t<\/div>\n\t\t\t\t\t<\/div>\n\t\t<\/div>\n\t\t\t\t\t<\/div>\n\t\t<\/section>\n\t\t\t\t\t<\/div>\n\t\t<\/div>\n\t\t\t\t\t<\/div>\n\t\t<\/section>\n\t\t\t\t<\/div>\n\t\t","protected":false},"excerpt":{"rendered":"<p>AURINO ENERGIA Produciamo energia rinnovabile al 100% nel comune di Valle Aurina. Info Clienti Fuel Mix Disclosure Ai sensi di quanto disposto dal decreto del Ministro dello sviluppo economico del 31 luglio 2009 recante \u201cCriteri e modalit\u00e0 per la fornitura ai clienti finali delle informazioni sulla composizione del mix energetico utilizzato per la produzione dell\u2019energia [&hellip;]<\/p>\n","protected":false},"author":1,"featured_media":0,"parent":0,"menu_order":0,"comment_status":"closed","ping_status":"closed","template":"elementor_header_footer","meta":{"_acf_changed":false,"footnotes":""},"class_list":["post-116","page","type-page","status-publish","hentry"],"acf":[],"yoast_head":"<!-- This site is optimized with the Yoast SEO plugin v27.5 - https:\/\/yoast.com\/product\/yoast-seo-wordpress\/ -->\n<title>Aurinoenergia - Energia rinnovabile comune Valle Aurina<\/title>\n<meta name=\"robots\" content=\"index, follow, max-snippet:-1, max-image-preview:large, max-video-preview:-1\" \/>\n<link rel=\"canonical\" href=\"https:\/\/www.ahrenergie.it\/it\/\" \/>\n<meta property=\"og:locale\" content=\"it_IT\" \/>\n<meta property=\"og:type\" content=\"article\" \/>\n<meta property=\"og:title\" content=\"Aurinoenergia - Energia rinnovabile comune Valle Aurina\" \/>\n<meta property=\"og:description\" content=\"AURINO ENERGIA Produciamo energia rinnovabile al 100% nel comune di Valle Aurina. Info Clienti Fuel Mix Disclosure Ai sensi di quanto disposto dal decreto del Ministro dello sviluppo economico del 31 luglio 2009 recante \u201cCriteri e modalit\u00e0 per la fornitura ai clienti finali delle informazioni sulla composizione del mix energetico utilizzato per la produzione dell\u2019energia [&hellip;]\" \/>\n<meta property=\"og:url\" content=\"https:\/\/www.ahrenergie.it\/it\/\" \/>\n<meta property=\"og:site_name\" content=\"Aurinoenergia\" \/>\n<meta property=\"article:modified_time\" content=\"2023-07-10T12:29:47+00:00\" \/>\n<meta property=\"og:image\" content=\"https:\/\/www.ahrenergie.it\/wp-content\/uploads\/kraftwerk2.jpg\" \/>\n<meta name=\"twitter:card\" content=\"summary_large_image\" \/>\n<meta name=\"twitter:label1\" content=\"Tempo di lettura stimato\" \/>\n\t<meta name=\"twitter:data1\" content=\"4 minuti\" \/>\n<script type=\"application\/ld+json\" class=\"yoast-schema-graph\">{\"@context\":\"https:\\\/\\\/schema.org\",\"@graph\":[{\"@type\":\"WebPage\",\"@id\":\"https:\\\/\\\/www.ahrenergie.it\\\/it\\\/\",\"url\":\"https:\\\/\\\/www.ahrenergie.it\\\/it\\\/\",\"name\":\"Aurinoenergia - Energia rinnovabile comune Valle Aurina\",\"isPartOf\":{\"@id\":\"https:\\\/\\\/www.ahrenergie.it\\\/#website\"},\"primaryImageOfPage\":{\"@id\":\"https:\\\/\\\/www.ahrenergie.it\\\/it\\\/#primaryimage\"},\"image\":{\"@id\":\"https:\\\/\\\/www.ahrenergie.it\\\/it\\\/#primaryimage\"},\"thumbnailUrl\":\"https:\\\/\\\/www.ahrenergie.it\\\/wp-content\\\/uploads\\\/kraftwerk2.jpg\",\"datePublished\":\"2023-04-19T13:16:12+00:00\",\"dateModified\":\"2023-07-10T12:29:47+00:00\",\"breadcrumb\":{\"@id\":\"https:\\\/\\\/www.ahrenergie.it\\\/it\\\/#breadcrumb\"},\"inLanguage\":\"it-IT\",\"potentialAction\":[{\"@type\":\"ReadAction\",\"target\":[\"https:\\\/\\\/www.ahrenergie.it\\\/it\\\/\"]}]},{\"@type\":\"ImageObject\",\"inLanguage\":\"it-IT\",\"@id\":\"https:\\\/\\\/www.ahrenergie.it\\\/it\\\/#primaryimage\",\"url\":\"https:\\\/\\\/www.ahrenergie.it\\\/wp-content\\\/uploads\\\/kraftwerk2.jpg\",\"contentUrl\":\"https:\\\/\\\/www.ahrenergie.it\\\/wp-content\\\/uploads\\\/kraftwerk2.jpg\"},{\"@type\":\"BreadcrumbList\",\"@id\":\"https:\\\/\\\/www.ahrenergie.it\\\/it\\\/#breadcrumb\",\"itemListElement\":[{\"@type\":\"ListItem\",\"position\":1,\"name\":\"Startseite\",\"item\":\"https:\\\/\\\/www.ahrenergie.it\\\/it\\\/\"},{\"@type\":\"ListItem\",\"position\":2,\"name\":\"Home\"}]},{\"@type\":\"WebSite\",\"@id\":\"https:\\\/\\\/www.ahrenergie.it\\\/#website\",\"url\":\"https:\\\/\\\/www.ahrenergie.it\\\/\",\"name\":\"Aurinoenergia\",\"description\":\"Energie rinnovabili comune Valle Aurina\",\"publisher\":{\"@id\":\"https:\\\/\\\/www.ahrenergie.it\\\/#organization\"},\"potentialAction\":[{\"@type\":\"SearchAction\",\"target\":{\"@type\":\"EntryPoint\",\"urlTemplate\":\"https:\\\/\\\/www.ahrenergie.it\\\/?s={search_term_string}\"},\"query-input\":{\"@type\":\"PropertyValueSpecification\",\"valueRequired\":true,\"valueName\":\"search_term_string\"}}],\"inLanguage\":\"it-IT\"},{\"@type\":\"Organization\",\"@id\":\"https:\\\/\\\/www.ahrenergie.it\\\/#organization\",\"name\":\"Aurinoenergia\",\"url\":\"https:\\\/\\\/www.ahrenergie.it\\\/\",\"logo\":{\"@type\":\"ImageObject\",\"inLanguage\":\"it-IT\",\"@id\":\"https:\\\/\\\/www.ahrenergie.it\\\/#\\\/schema\\\/logo\\\/image\\\/\",\"url\":\"https:\\\/\\\/www.ahrenergie.it\\\/wp-content\\\/uploads\\\/AhrEnergie-Logo.png\",\"contentUrl\":\"https:\\\/\\\/www.ahrenergie.it\\\/wp-content\\\/uploads\\\/AhrEnergie-Logo.png\",\"width\":200,\"height\":108,\"caption\":\"Aurinoenergia\"},\"image\":{\"@id\":\"https:\\\/\\\/www.ahrenergie.it\\\/#\\\/schema\\\/logo\\\/image\\\/\"}}]}<\/script>\n<!-- \/ Yoast SEO plugin. -->","yoast_head_json":{"title":"Aurinoenergia - Energia rinnovabile comune Valle Aurina","robots":{"index":"index","follow":"follow","max-snippet":"max-snippet:-1","max-image-preview":"max-image-preview:large","max-video-preview":"max-video-preview:-1"},"canonical":"https:\/\/www.ahrenergie.it\/it\/","og_locale":"it_IT","og_type":"article","og_title":"Aurinoenergia - Energia rinnovabile comune Valle Aurina","og_description":"AURINO ENERGIA Produciamo energia rinnovabile al 100% nel comune di Valle Aurina. Info Clienti Fuel Mix Disclosure Ai sensi di quanto disposto dal decreto del Ministro dello sviluppo economico del 31 luglio 2009 recante \u201cCriteri e modalit\u00e0 per la fornitura ai clienti finali delle informazioni sulla composizione del mix energetico utilizzato per la produzione dell\u2019energia [&hellip;]","og_url":"https:\/\/www.ahrenergie.it\/it\/","og_site_name":"Aurinoenergia","article_modified_time":"2023-07-10T12:29:47+00:00","og_image":[{"url":"https:\/\/www.ahrenergie.it\/wp-content\/uploads\/kraftwerk2.jpg","type":"","width":"","height":""}],"twitter_card":"summary_large_image","twitter_misc":{"Tempo di lettura stimato":"4 minuti"},"schema":{"@context":"https:\/\/schema.org","@graph":[{"@type":"WebPage","@id":"https:\/\/www.ahrenergie.it\/it\/","url":"https:\/\/www.ahrenergie.it\/it\/","name":"Aurinoenergia - Energia rinnovabile comune Valle Aurina","isPartOf":{"@id":"https:\/\/www.ahrenergie.it\/#website"},"primaryImageOfPage":{"@id":"https:\/\/www.ahrenergie.it\/it\/#primaryimage"},"image":{"@id":"https:\/\/www.ahrenergie.it\/it\/#primaryimage"},"thumbnailUrl":"https:\/\/www.ahrenergie.it\/wp-content\/uploads\/kraftwerk2.jpg","datePublished":"2023-04-19T13:16:12+00:00","dateModified":"2023-07-10T12:29:47+00:00","breadcrumb":{"@id":"https:\/\/www.ahrenergie.it\/it\/#breadcrumb"},"inLanguage":"it-IT","potentialAction":[{"@type":"ReadAction","target":["https:\/\/www.ahrenergie.it\/it\/"]}]},{"@type":"ImageObject","inLanguage":"it-IT","@id":"https:\/\/www.ahrenergie.it\/it\/#primaryimage","url":"https:\/\/www.ahrenergie.it\/wp-content\/uploads\/kraftwerk2.jpg","contentUrl":"https:\/\/www.ahrenergie.it\/wp-content\/uploads\/kraftwerk2.jpg"},{"@type":"BreadcrumbList","@id":"https:\/\/www.ahrenergie.it\/it\/#breadcrumb","itemListElement":[{"@type":"ListItem","position":1,"name":"Startseite","item":"https:\/\/www.ahrenergie.it\/it\/"},{"@type":"ListItem","position":2,"name":"Home"}]},{"@type":"WebSite","@id":"https:\/\/www.ahrenergie.it\/#website","url":"https:\/\/www.ahrenergie.it\/","name":"Aurinoenergia","description":"Energie rinnovabili comune Valle Aurina","publisher":{"@id":"https:\/\/www.ahrenergie.it\/#organization"},"potentialAction":[{"@type":"SearchAction","target":{"@type":"EntryPoint","urlTemplate":"https:\/\/www.ahrenergie.it\/?s={search_term_string}"},"query-input":{"@type":"PropertyValueSpecification","valueRequired":true,"valueName":"search_term_string"}}],"inLanguage":"it-IT"},{"@type":"Organization","@id":"https:\/\/www.ahrenergie.it\/#organization","name":"Aurinoenergia","url":"https:\/\/www.ahrenergie.it\/","logo":{"@type":"ImageObject","inLanguage":"it-IT","@id":"https:\/\/www.ahrenergie.it\/#\/schema\/logo\/image\/","url":"https:\/\/www.ahrenergie.it\/wp-content\/uploads\/AhrEnergie-Logo.png","contentUrl":"https:\/\/www.ahrenergie.it\/wp-content\/uploads\/AhrEnergie-Logo.png","width":200,"height":108,"caption":"Aurinoenergia"},"image":{"@id":"https:\/\/www.ahrenergie.it\/#\/schema\/logo\/image\/"}}]}},"_links":{"self":[{"href":"https:\/\/www.ahrenergie.it\/it\/wp-json\/wp\/v2\/pages\/116","targetHints":{"allow":["GET"]}}],"collection":[{"href":"https:\/\/www.ahrenergie.it\/it\/wp-json\/wp\/v2\/pages"}],"about":[{"href":"https:\/\/www.ahrenergie.it\/it\/wp-json\/wp\/v2\/types\/page"}],"author":[{"embeddable":true,"href":"https:\/\/www.ahrenergie.it\/it\/wp-json\/wp\/v2\/users\/1"}],"replies":[{"embeddable":true,"href":"https:\/\/www.ahrenergie.it\/it\/wp-json\/wp\/v2\/comments?post=116"}],"version-history":[{"count":5,"href":"https:\/\/www.ahrenergie.it\/it\/wp-json\/wp\/v2\/pages\/116\/revisions"}],"predecessor-version":[{"id":229,"href":"https:\/\/www.ahrenergie.it\/it\/wp-json\/wp\/v2\/pages\/116\/revisions\/229"}],"wp:attachment":[{"href":"https:\/\/www.ahrenergie.it\/it\/wp-json\/wp\/v2\/media?parent=116"}],"curies":[{"name":"wp","href":"https:\/\/api.w.org\/{rel}","templated":true}]}}